{"id":3413,"date":"2015-04-28T09:48:47","date_gmt":"2015-04-28T09:48:47","guid":{"rendered":"http:\/\/municipalidadrauco.cl\/web\/?page_id=3413"},"modified":"2025-03-25T20:37:49","modified_gmt":"2025-03-25T23:37:49","slug":"concejo-municipal-rauco","status":"publish","type":"page","link":"https:\/\/www.munirauco.cl\/sitio\/concejo-municipal-rauco\/","title":{"rendered":"Concejo Municipal"},"content":{"rendered":"\t\t<div data-elementor-type=\"wp-page\" data-elementor-id=\"3413\" class=\"elementor elementor-3413\">\n\t\t\t\t\t\t<section class=\"elementor-section elementor-top-section elementor-element elementor-element-9b4e465 elementor-section-boxed elementor-section-height-default elementor-section-height-default\" data-id=\"9b4e465\" data-element_type=\"section\" data-e-type=\"section\">\n\t\t\t\t\t\t<div class=\"elementor-container elementor-column-gap-default\">\n\t\t\t\t\t<div class=\"elementor-column elementor-col-100 elementor-top-column elementor-element elementor-element-f23f8db\" data-id=\"f23f8db\" data-element_type=\"column\" data-e-type=\"column\" data-settings=\"{&quot;background_background&quot;:&quot;classic&quot;}\">\n\t\t\t<div class=\"elementor-widget-wrap elementor-element-populated\">\n\t\t\t\t\t\t<div class=\"elementor-element elementor-element-72ccc7f elementor-widget elementor-widget-image\" data-id=\"72ccc7f\" data-element_type=\"widget\" data-e-type=\"widget\" data-widget_type=\"image.default\">\n\t\t\t\t<div class=\"elementor-widget-container\">\n\t\t\t\t\t\t\t\t\t\t\t\t\t\t\t\t<a href=\"https:\/\/www.youtube.com\/@municipalidadderauco\/streams\">\n\t\t\t\t\t\t\t<img fetchpriority=\"high\" decoding=\"async\" width=\"1517\" height=\"437\" src=\"https:\/\/www.munirauco.cl\/sitio\/wp-content\/uploads\/2025\/03\/transmision-consejo.png\" class=\"attachment-full size-full wp-image-12364\" alt=\"\" srcset=\"https:\/\/www.munirauco.cl\/sitio\/wp-content\/uploads\/2025\/03\/transmision-consejo.png 1517w, https:\/\/www.munirauco.cl\/sitio\/wp-content\/uploads\/2025\/03\/transmision-consejo-300x86.png 300w, https:\/\/www.munirauco.cl\/sitio\/wp-content\/uploads\/2025\/03\/transmision-consejo-1024x295.png 1024w, https:\/\/www.munirauco.cl\/sitio\/wp-content\/uploads\/2025\/03\/transmision-consejo-768x221.png 768w\" sizes=\"(max-width: 1517px) 100vw, 1517px\" \/>\t\t\t\t\t\t\t\t<\/a>\n\t\t\t\t\t\t\t\t\t\t\t\t\t\t\t<\/div>\n\t\t\t\t<\/div>\n\t\t\t\t<div class=\"elementor-element elementor-element-d9fabb6 elementor-widget elementor-widget-text-editor\" data-id=\"d9fabb6\" data-element_type=\"widget\" data-e-type=\"widget\" data-widget_type=\"text-editor.default\">\n\t\t\t\t<div class=\"elementor-widget-container\">\n\t\t\t\t\t\t\t\t\t<p>El Concejo Municipal se define como un organismo de car\u00e1cter normativo, resolutivo y fiscalizador, encargado de hacer efectiva la participaci\u00f3n de la comunidad local y de ejercer las atribuciones que le se\u00f1ala la Ley Org\u00e1nica Constitucional de Municipalidades y otros cuerpos normativos vigentes.<\/p><p>El Concejo est\u00e1 integrado por seis concejales, m\u00e1s el Alcalde, elegidos en votaci\u00f3n directa mediante un sistema de representaci\u00f3n proporcional, en conformidad a la ley. Es presidido por el Alcalde, y en su ausencia, por el Concejal presente que haya obtenido individualmente mayor votaci\u00f3n ciudadana en la elecci\u00f3n respectiva, seg\u00fan lo establezca el Tribunal Electoral Regional.<br \/>Algunas de las tareas que desempe\u00f1a son:<\/p><ul type=\"disc\"><li><div>Fiscalizar el cumplimiento de los planes y programas de inversi\u00f3n municipales y la ejecuci\u00f3n del presupuesto municipal;<\/div><\/li><\/ul><ul type=\"disc\"><li><div>Fiscalizar las actuaciones y la gesti\u00f3n del Alcalde, especialmente para verificar que los actos municipales se hayan ajustado a las pol\u00edticas, normas y acuerdos adoptados por el Concejo, en el ejercicio de sus facultades propias, y formularle las observaciones que le merezcan.<\/div><\/li><\/ul><ul type=\"disc\"><li><div>Elegir al Alcalde en caso de vacancia, de acuerdo a lo dispuesto en la Ley Org\u00e1nica Constitucional de Municipalidades.<\/div><\/li><\/ul>\t\t\t\t\t\t\t\t<\/div>\n\t\t\t\t<\/div>\n\t\t\t\t\t<\/div>\n\t\t<\/div>\n\t\t\t\t\t<\/div>\n\t\t<\/section>\n\t\t\t\t<section class=\"elementor-section elementor-top-section elementor-element elementor-element-27f616a elementor-section-boxed elementor-section-height-default elementor-section-height-default\" data-id=\"27f616a\" data-element_type=\"section\" data-e-type=\"section\">\n\t\t\t\t\t\t<div class=\"elementor-container elementor-column-gap-default\">\n\t\t\t\t\t<div class=\"elementor-column elementor-col-100 elementor-top-column elementor-element elementor-element-bb177bc\" data-id=\"bb177bc\" data-element_type=\"column\" data-e-type=\"column\">\n\t\t\t<div class=\"elementor-widget-wrap elementor-element-populated\">\n\t\t\t\t\t\t<div class=\"elementor-element elementor-element-deb293a elementor-widget elementor-widget-image\" data-id=\"deb293a\" data-element_type=\"widget\" data-e-type=\"widget\" data-widget_type=\"image.default\">\n\t\t\t\t<div class=\"elementor-widget-container\">\n\t\t\t\t\t\t\t\t\t\t\t\t\t\t\t\t<a href=\"https:\/\/munirauco.cl\/actas\/\">\n\t\t\t\t\t\t\t<img decoding=\"async\" width=\"258\" height=\"151\" data-src=\"https:\/\/www.munirauco.cl\/sitio\/wp-content\/uploads\/2023\/01\/Actas-Concejo-Municipal.png\" class=\"attachment-full size-full wp-image-11145 lazyload\" alt=\"\" src=\"data:image\/svg+xml;base64,PHN2ZyB3aWR0aD0iMSIgaGVpZ2h0PSIxIiB4bWxucz0iaHR0cDovL3d3dy53My5vcmcvMjAwMC9zdmciPjwvc3ZnPg==\" style=\"--smush-placeholder-width: 258px; --smush-placeholder-aspect-ratio: 258\/151;\" \/>\t\t\t\t\t\t\t\t<\/a>\n\t\t\t\t\t\t\t\t\t\t\t\t\t\t\t<\/div>\n\t\t\t\t<\/div>\n\t\t\t\t\t<\/div>\n\t\t<\/div>\n\t\t\t\t\t<\/div>\n\t\t<\/section>\n\t\t\t\t<section class=\"elementor-section elementor-top-section elementor-element elementor-element-6360048 elementor-section-boxed elementor-section-height-default elementor-section-height-default\" data-id=\"6360048\" data-element_type=\"section\" data-e-type=\"section\">\n\t\t\t\t\t\t<div class=\"elementor-container elementor-column-gap-default\">\n\t\t\t\t\t<div class=\"elementor-column elementor-col-100 elementor-top-column elementor-element elementor-element-9fc3449\" data-id=\"9fc3449\" data-element_type=\"column\" data-e-type=\"column\">\n\t\t\t<div class=\"elementor-widget-wrap elementor-element-populated\">\n\t\t\t\t\t\t<section class=\"elementor-section elementor-inner-section elementor-element elementor-element-32edd77 elementor-section-boxed elementor-section-height-default elementor-section-height-default\" data-id=\"32edd77\" data-element_type=\"section\" data-e-type=\"section\">\n\t\t\t\t\t\t<div class=\"elementor-container elementor-column-gap-default\">\n\t\t\t\t\t<div class=\"elementor-column elementor-col-50 elementor-inner-column elementor-element elementor-element-b90db28\" data-id=\"b90db28\" data-element_type=\"column\" data-e-type=\"column\">\n\t\t\t<div class=\"elementor-widget-wrap elementor-element-populated\">\n\t\t\t\t\t\t<div class=\"elementor-element elementor-element-9a6daba elementor-widget elementor-widget-image\" data-id=\"9a6daba\" data-element_type=\"widget\" data-e-type=\"widget\" data-widget_type=\"image.default\">\n\t\t\t\t<div class=\"elementor-widget-container\">\n\t\t\t\t\t\t\t\t\t\t\t\t\t\t\t<img decoding=\"async\" width=\"1024\" height=\"1024\" data-src=\"https:\/\/www.munirauco.cl\/sitio\/wp-content\/uploads\/2024\/12\/Alcaldesa-1024x1024.jpg\" class=\"attachment-large size-large wp-image-12120 lazyload\" alt=\"\" data-srcset=\"https:\/\/www.munirauco.cl\/sitio\/wp-content\/uploads\/2024\/12\/Alcaldesa-1024x1024.jpg 1024w, https:\/\/www.munirauco.cl\/sitio\/wp-content\/uploads\/2024\/12\/Alcaldesa-300x300.jpg 300w, https:\/\/www.munirauco.cl\/sitio\/wp-content\/uploads\/2024\/12\/Alcaldesa-150x150.jpg 150w, https:\/\/www.munirauco.cl\/sitio\/wp-content\/uploads\/2024\/12\/Alcaldesa-768x768.jpg 768w, https:\/\/www.munirauco.cl\/sitio\/wp-content\/uploads\/2024\/12\/Alcaldesa.jpg 1157w\" data-sizes=\"(max-width: 1024px) 100vw, 1024px\" src=\"data:image\/svg+xml;base64,PHN2ZyB3aWR0aD0iMSIgaGVpZ2h0PSIxIiB4bWxucz0iaHR0cDovL3d3dy53My5vcmcvMjAwMC9zdmciPjwvc3ZnPg==\" style=\"--smush-placeholder-width: 1024px; --smush-placeholder-aspect-ratio: 1024\/1024;\" \/>\t\t\t\t\t\t\t\t\t\t\t\t\t\t\t<\/div>\n\t\t\t\t<\/div>\n\t\t\t\t\t<\/div>\n\t\t<\/div>\n\t\t\t\t<div class=\"elementor-column elementor-col-50 elementor-inner-column elementor-element elementor-element-d29a5eb\" data-id=\"d29a5eb\" data-element_type=\"column\" data-e-type=\"column\">\n\t\t\t<div class=\"elementor-widget-wrap elementor-element-populated\">\n\t\t\t\t\t\t<div class=\"elementor-element elementor-element-780679a elementor-widget elementor-widget-text-editor\" data-id=\"780679a\" data-element_type=\"widget\" data-e-type=\"widget\" data-widget_type=\"text-editor.default\">\n\t\t\t\t<div class=\"elementor-widget-container\">\n\t\t\t\t\t\t\t\t\t<p><strong>Presidenta del concejo municipal<\/strong><\/p><p><span style=\"font-weight: bold;\">Claudia Medina Hern\u00e1ndez<\/span><\/p><p><span style=\"font-weight: bold;\">\u00a0alcaldia@munirauco.cl<\/span><\/p>\t\t\t\t\t\t\t\t<\/div>\n\t\t\t\t<\/div>\n\t\t\t\t\t<\/div>\n\t\t<\/div>\n\t\t\t\t\t<\/div>\n\t\t<\/section>\n\t\t\t\t\t<\/div>\n\t\t<\/div>\n\t\t\t\t\t<\/div>\n\t\t<\/section>\n\t\t\t\t<section class=\"elementor-section elementor-top-section elementor-element elementor-element-8a792a5 elementor-section-boxed elementor-section-height-default elementor-section-height-default\" data-id=\"8a792a5\" data-element_type=\"section\" data-e-type=\"section\">\n\t\t\t\t\t\t<div class=\"elementor-container elementor-column-gap-default\">\n\t\t\t\t\t<div class=\"elementor-column elementor-col-100 elementor-top-column elementor-element elementor-element-451a4e7\" data-id=\"451a4e7\" data-element_type=\"column\" data-e-type=\"column\">\n\t\t\t<div class=\"elementor-widget-wrap elementor-element-populated\">\n\t\t\t\t\t\t<div class=\"elementor-element elementor-element-f745f52 elementor-widget elementor-widget-html\" data-id=\"f745f52\" data-element_type=\"widget\" data-e-type=\"widget\" data-widget_type=\"html.default\">\n\t\t\t\t<div class=\"elementor-widget-container\">\n\t\t\t\t\t<div class=\"concejales-grid\">\r\n    <h2>Concejales<\/h2>\r\n    <div class=\"grid-container\">\r\n        <div class=\"concejal-card\">\r\n            <img decoding=\"async\" data-src=\"https:\/\/www.munirauco.cl\/sitio\/wp-content\/uploads\/2025\/03\/M_A.jpg\" alt=\"Marcelo Diaz Far\u00edas\" src=\"data:image\/svg+xml;base64,PHN2ZyB3aWR0aD0iMSIgaGVpZ2h0PSIxIiB4bWxucz0iaHR0cDovL3d3dy53My5vcmcvMjAwMC9zdmciPjwvc3ZnPg==\" class=\"lazyload\" style=\"--smush-placeholder-width: 278px; --smush-placeholder-aspect-ratio: 278\/400;\">\r\n            <h3>Marcelo Diaz Far\u00edas<\/h3>\r\n            <p><i class=\"fas fa-user-tie\"><\/i> Concejal<\/p>\r\n            <a href=\"mailto:concejal.marcelo.diaz@munirauco.cl\"><i class=\"fas fa-envelope\"><\/i> concejal.marcelo.diaz@munirauco.cl<\/a>\r\n        <\/div>\r\n        <div class=\"concejal-card\">\r\n            <img decoding=\"async\" data-src=\"https:\/\/www.munirauco.cl\/sitio\/wp-content\/uploads\/2025\/03\/J_P.jpg\" alt=\"Juan Poblete Navarro\" src=\"data:image\/svg+xml;base64,PHN2ZyB3aWR0aD0iMSIgaGVpZ2h0PSIxIiB4bWxucz0iaHR0cDovL3d3dy53My5vcmcvMjAwMC9zdmciPjwvc3ZnPg==\" class=\"lazyload\" style=\"--smush-placeholder-width: 278px; --smush-placeholder-aspect-ratio: 278\/400;\">\r\n            <h3>Juan Poblete Navarro<\/h3>\r\n            <p><i class=\"fas fa-user-tie\"><\/i> Concejal<\/p>\r\n            <a href=\"mailto:concejal.juan.poblete@munirauco.cl\"><i class=\"fas fa-envelope\"><\/i> concejal.juan.poblete@munirauco.cl<\/a>\r\n        <\/div>\r\n        <div class=\"concejal-card\">\r\n            <img decoding=\"async\" data-src=\"https:\/\/www.munirauco.cl\/sitio\/wp-content\/uploads\/2025\/03\/S_C.jpg\" alt=\"Sebasti\u00e1n Cabello Ibarra\" src=\"data:image\/svg+xml;base64,PHN2ZyB3aWR0aD0iMSIgaGVpZ2h0PSIxIiB4bWxucz0iaHR0cDovL3d3dy53My5vcmcvMjAwMC9zdmciPjwvc3ZnPg==\" class=\"lazyload\" style=\"--smush-placeholder-width: 278px; --smush-placeholder-aspect-ratio: 278\/400;\">\r\n            <h3>Sebasti\u00e1n Cabello Ibarra<\/h3>\r\n            <p><i class=\"fas fa-user-tie\"><\/i> Concejal<\/p>\r\n            <a href=\"mailto:concejal.sebastian.cabello@munirauco.cl\"><i class=\"fas fa-envelope\"><\/i> concejal.sebastian.cabello@munirauco.cl<\/a>\r\n        <\/div>\r\n        <div class=\"concejal-card\">\r\n            <img decoding=\"async\" data-src=\"https:\/\/www.munirauco.cl\/sitio\/wp-content\/uploads\/2025\/03\/E_C-1.jpg\" alt=\"Eugenia Correa C\u00e1rdenas\" src=\"data:image\/svg+xml;base64,PHN2ZyB3aWR0aD0iMSIgaGVpZ2h0PSIxIiB4bWxucz0iaHR0cDovL3d3dy53My5vcmcvMjAwMC9zdmciPjwvc3ZnPg==\" class=\"lazyload\" style=\"--smush-placeholder-width: 267px; --smush-placeholder-aspect-ratio: 267\/400;\">\r\n            <h3>Eugenia Correa C\u00e1rdenas<\/h3>\r\n            <p><i class=\"fas fa-user-tie\"><\/i> Concejala<\/p>\r\n            <a href=\"mailto:consejala.eugenia.correa@munirauco.cl\"><i class=\"fas fa-envelope\"><\/i> concejala.eugenia.correa@munirauco.cl<\/a>\r\n        <\/div>\r\n        <div class=\"concejal-card\">\r\n            <img decoding=\"async\" data-src=\"https:\/\/www.munirauco.cl\/sitio\/wp-content\/uploads\/2025\/03\/M_A_D.jpg\" alt=\"Mar\u00eda Elisa D\u00edaz\" src=\"data:image\/svg+xml;base64,PHN2ZyB3aWR0aD0iMSIgaGVpZ2h0PSIxIiB4bWxucz0iaHR0cDovL3d3dy53My5vcmcvMjAwMC9zdmciPjwvc3ZnPg==\" class=\"lazyload\" style=\"--smush-placeholder-width: 278px; --smush-placeholder-aspect-ratio: 278\/400;\">\r\n            <h3>Mar\u00eda Elisa D\u00edaz<\/h3>\r\n            <p><i class=\"fas fa-user-tie\"><\/i> Concejala<\/p>\r\n            <a href=\"mailto:consejala.melisa.diaz@munirauco.cl\"><i class=\"fas fa-envelope\"><\/i> concejala.melisa.diaz@munirauco.cl<\/a>\r\n        <\/div>\r\n        <div class=\"concejal-card\">\r\n            <img decoding=\"async\" data-src=\"https:\/\/www.munirauco.cl\/sitio\/wp-content\/uploads\/2025\/03\/E_O.jpg\" alt=\"Enrique Olivares Far\u00edas\" src=\"data:image\/svg+xml;base64,PHN2ZyB3aWR0aD0iMSIgaGVpZ2h0PSIxIiB4bWxucz0iaHR0cDovL3d3dy53My5vcmcvMjAwMC9zdmciPjwvc3ZnPg==\" class=\"lazyload\" style=\"--smush-placeholder-width: 280px; --smush-placeholder-aspect-ratio: 280\/400;\">\r\n            <h3>Enrique Olivares Far\u00edas<\/h3>\r\n            <p><i class=\"fas fa-user-tie\"><\/i> Concejal<\/p>\r\n            <a href=\"mailto:concejal.enrique.olivares@munirauco.cl\"><i class=\"fas fa-envelope\"><\/i> concejal.enrique.olivares@munirauco.cl<\/a>\r\n        <\/div>\r\n    <\/div>\r\n<\/div>\r\n\r\n<style>\r\n    .concejales-grid {\r\n        padding: 20px;\r\n    }\r\n\r\n    .concejales-grid h2 {\r\n        text-align: center;\r\n        margin-bottom: 20px;\r\n    }\r\n\r\n    .grid-container {\r\n        display: grid;\r\n        grid-template-columns: repeat(auto-fit, minmax(250px, 1fr));\r\n        gap: 20px;\r\n    }\r\n\r\n    .concejal-card {\r\n        text-align: center;\r\n        border: 1px solid #ddd;\r\n        padding: 20px;\r\n        border-radius: 8px;\r\n    }\r\n\r\n    .concejal-card img {\r\n        width: 150px;\r\n        height: 150px;\r\n        border-radius: 50%;\r\n        object-fit: cover;\r\n        margin-bottom: 10px;\r\n    }\r\n\r\n    .concejal-card h3 {\r\n        margin: 10px 0;\r\n    }\r\n\r\n    .concejal-card p, .concejal-card a {\r\n        margin: 5px 0;\r\n        font-size: 0.9em;\r\n    }\r\n<\/style>\t\t\t\t<\/div>\n\t\t\t\t<\/div>\n\t\t\t\t\t<\/div>\n\t\t<\/div>\n\t\t\t\t\t<\/div>\n\t\t<\/section>\n\t\t\t\t<\/div>\n\t\t","protected":false},"excerpt":{"rendered":"<p>El Concejo Municipal se define como un organismo de car\u00e1cter normativo, resolutivo y fiscalizador, encargado de hacer efectiva la participaci\u00f3n de la comunidad local y de ejercer las atribuciones que le se\u00f1ala la Ley Org\u00e1nica Constitucional de Municipalidades y otros cuerpos normativos vigentes. El Concejo est\u00e1 integrado por seis concejales, m\u00e1s el Alcalde, elegidos en [&hellip;]<\/p>\n","protected":false},"author":1,"featured_media":0,"parent":0,"menu_order":0,"comment_status":"closed","ping_status":"open","template":"","meta":{"site-sidebar-layout":"default","site-content-layout":"","ast-site-content-layout":"","site-content-style":"default","site-sidebar-style":"default","ast-global-header-display":"","ast-banner-title-visibility":"","ast-main-header-display":"","ast-hfb-above-header-display":"","ast-hfb-below-header-display":"","ast-hfb-mobile-header-display":"","site-post-title":"disabled","ast-breadcrumbs-content":"","ast-featured-img":"","footer-sml-layout":"","theme-transparent-header-meta":"","adv-header-id-meta":"","stick-header-meta":"","header-above-stick-meta":"","header-main-stick-meta":"","header-below-stick-meta":"","astra-migrate-meta-layouts":"default","ast-page-background-enabled":"default","ast-page-background-meta":{"desktop":{"background-color":"var(--ast-global-color-4)","background-image":"","background-repeat":"repeat","background-position":"center center","background-size":"auto","background-attachment":"scroll","background-type":"","background-media":"","overlay-type":"","overlay-color":"","overlay-opacity":"","overlay-gradient":""},"tablet":{"background-color":"","background-image":"","background-repeat":"repeat","background-position":"center center","background-size":"auto","background-attachment":"scroll","background-type":"","background-media":"","overlay-type":"","overlay-color":"","overlay-opacity":"","overlay-gradient":""},"mobile":{"background-color":"","background-image":"","background-repeat":"repeat","background-position":"center center","background-size":"auto","background-attachment":"scroll","background-type":"","background-media":"","overlay-type":"","overlay-color":"","overlay-opacity":"","overlay-gradient":""}},"ast-content-background-meta":{"desktop":{"background-color":"var(--ast-global-color-5)","background-image":"","background-repeat":"repeat","background-position":"center center","background-size":"auto","background-attachment":"scroll","background-type":"","background-media":"","overlay-type":"","overlay-color":"","overlay-opacity":"","overlay-gradient":""},"tablet":{"background-color":"var(--ast-global-color-5)","background-image":"","background-repeat":"repeat","background-position":"center center","background-size":"auto","background-attachment":"scroll","background-type":"","background-media":"","overlay-type":"","overlay-color":"","overlay-opacity":"","overlay-gradient":""},"mobile":{"background-color":"var(--ast-global-color-5)","background-image":"","background-repeat":"repeat","background-position":"center center","background-size":"auto","background-attachment":"scroll","background-type":"","background-media":"","overlay-type":"","overlay-color":"","overlay-opacity":"","overlay-gradient":""}},"footnotes":""},"class_list":["post-3413","page","type-page","status-publish","hentry"],"yoast_head":"<!-- This site is optimized with the Yoast SEO plugin v27.5 - https:\/\/yoast.com\/product\/yoast-seo-wordpress\/ -->\n<title>Concejo Municipal -<\/title>\n<meta name=\"description\" content=\"Consejo Municipal de la Comuna de Rauco\" \/>\n<meta name=\"robots\" content=\"index, follow, max-snippet:-1, max-image-preview:large, max-video-preview:-1\" \/>\n<link rel=\"canonical\" href=\"https:\/\/www.munirauco.cl\/sitio\/concejo-municipal-rauco\/\" \/>\n<meta property=\"og:locale\" content=\"es_ES\" \/>\n<meta property=\"og:type\" content=\"article\" \/>\n<meta property=\"og:title\" content=\"Concejo Municipal -\" \/>\n<meta property=\"og:description\" content=\"Consejo Municipal de la Comuna de Rauco\" \/>\n<meta property=\"og:url\" content=\"https:\/\/www.munirauco.cl\/sitio\/concejo-municipal-rauco\/\" \/>\n<meta property=\"article:publisher\" content=\"https:\/\/www.facebook.com\/munirauco\" \/>\n<meta property=\"article:modified_time\" content=\"2025-03-25T23:37:49+00:00\" \/>\n<meta property=\"og:image\" content=\"https:\/\/www.munirauco.cl\/sitio\/wp-content\/uploads\/2025\/03\/transmision-consejo.png\" \/>\n<meta name=\"twitter:card\" content=\"summary_large_image\" \/>\n<meta name=\"twitter:label1\" content=\"Tiempo estimado de lectura\" \/>\n\t<meta name=\"twitter:data1\" content=\"4 minutos\" \/>\n<script type=\"application\/ld+json\" class=\"yoast-schema-graph\">{\"@context\":\"https:\\\/\\\/schema.org\",\"@graph\":[{\"@type\":\"WebPage\",\"@id\":\"https:\\\/\\\/www.munirauco.cl\\\/sitio\\\/concejo-municipal-rauco\\\/\",\"url\":\"https:\\\/\\\/www.munirauco.cl\\\/sitio\\\/concejo-municipal-rauco\\\/\",\"name\":\"Concejo Municipal -\",\"isPartOf\":{\"@id\":\"https:\\\/\\\/www.munirauco.cl\\\/sitio\\\/#website\"},\"primaryImageOfPage\":{\"@id\":\"https:\\\/\\\/www.munirauco.cl\\\/sitio\\\/concejo-municipal-rauco\\\/#primaryimage\"},\"image\":{\"@id\":\"https:\\\/\\\/www.munirauco.cl\\\/sitio\\\/concejo-municipal-rauco\\\/#primaryimage\"},\"thumbnailUrl\":\"https:\\\/\\\/www.munirauco.cl\\\/sitio\\\/wp-content\\\/uploads\\\/2025\\\/03\\\/transmision-consejo.png\",\"datePublished\":\"2015-04-28T09:48:47+00:00\",\"dateModified\":\"2025-03-25T23:37:49+00:00\",\"description\":\"Consejo Municipal de la Comuna de Rauco\",\"breadcrumb\":{\"@id\":\"https:\\\/\\\/www.munirauco.cl\\\/sitio\\\/concejo-municipal-rauco\\\/#breadcrumb\"},\"inLanguage\":\"es-CL\",\"potentialAction\":[{\"@type\":\"ReadAction\",\"target\":[\"https:\\\/\\\/www.munirauco.cl\\\/sitio\\\/concejo-municipal-rauco\\\/\"]}]},{\"@type\":\"ImageObject\",\"inLanguage\":\"es-CL\",\"@id\":\"https:\\\/\\\/www.munirauco.cl\\\/sitio\\\/concejo-municipal-rauco\\\/#primaryimage\",\"url\":\"https:\\\/\\\/www.munirauco.cl\\\/sitio\\\/wp-content\\\/uploads\\\/2025\\\/03\\\/transmision-consejo.png\",\"contentUrl\":\"https:\\\/\\\/www.munirauco.cl\\\/sitio\\\/wp-content\\\/uploads\\\/2025\\\/03\\\/transmision-consejo.png\",\"width\":1517,\"height\":437},{\"@type\":\"BreadcrumbList\",\"@id\":\"https:\\\/\\\/www.munirauco.cl\\\/sitio\\\/concejo-municipal-rauco\\\/#breadcrumb\",\"itemListElement\":[{\"@type\":\"ListItem\",\"position\":1,\"name\":\"Portada\",\"item\":\"https:\\\/\\\/www.munirauco.cl\\\/sitio\\\/\"},{\"@type\":\"ListItem\",\"position\":2,\"name\":\"Concejo Municipal\"}]},{\"@type\":\"WebSite\",\"@id\":\"https:\\\/\\\/www.munirauco.cl\\\/sitio\\\/#website\",\"url\":\"https:\\\/\\\/www.munirauco.cl\\\/sitio\\\/\",\"name\":\"Ilustre Municipalidad de Rauco\",\"description\":\"P\u00e1gina dedicada a prestar informaci\u00f3n y ayuda a la comunidad de Rauco.\",\"publisher\":{\"@id\":\"https:\\\/\\\/www.munirauco.cl\\\/sitio\\\/#organization\"},\"potentialAction\":[{\"@type\":\"SearchAction\",\"target\":{\"@type\":\"EntryPoint\",\"urlTemplate\":\"https:\\\/\\\/www.munirauco.cl\\\/sitio\\\/?s={search_term_string}\"},\"query-input\":{\"@type\":\"PropertyValueSpecification\",\"valueRequired\":true,\"valueName\":\"search_term_string\"}}],\"inLanguage\":\"es-CL\"},{\"@type\":\"Organization\",\"@id\":\"https:\\\/\\\/www.munirauco.cl\\\/sitio\\\/#organization\",\"name\":\"Ilustre Municipalidad de Rauco\",\"url\":\"https:\\\/\\\/www.munirauco.cl\\\/sitio\\\/\",\"logo\":{\"@type\":\"ImageObject\",\"inLanguage\":\"es-CL\",\"@id\":\"https:\\\/\\\/www.munirauco.cl\\\/sitio\\\/#\\\/schema\\\/logo\\\/image\\\/\",\"url\":\"https:\\\/\\\/www.munirauco.cl\\\/sitio\\\/wp-content\\\/uploads\\\/2021\\\/03\\\/logoRauco-t.png\",\"contentUrl\":\"https:\\\/\\\/www.munirauco.cl\\\/sitio\\\/wp-content\\\/uploads\\\/2021\\\/03\\\/logoRauco-t.png\",\"width\":1920,\"height\":1080,\"caption\":\"Ilustre Municipalidad de Rauco\"},\"image\":{\"@id\":\"https:\\\/\\\/www.munirauco.cl\\\/sitio\\\/#\\\/schema\\\/logo\\\/image\\\/\"},\"sameAs\":[\"https:\\\/\\\/www.facebook.com\\\/munirauco\",\"https:\\\/\\\/www.instagram.com\\\/raucoavanza\\\/\"]}]}<\/script>\n<!-- \/ Yoast SEO plugin. -->","yoast_head_json":{"title":"Concejo Municipal -","description":"Consejo Municipal de la Comuna de Rauco","robots":{"index":"index","follow":"follow","max-snippet":"max-snippet:-1","max-image-preview":"max-image-preview:large","max-video-preview":"max-video-preview:-1"},"canonical":"https:\/\/www.munirauco.cl\/sitio\/concejo-municipal-rauco\/","og_locale":"es_ES","og_type":"article","og_title":"Concejo Municipal -","og_description":"Consejo Municipal de la Comuna de Rauco","og_url":"https:\/\/www.munirauco.cl\/sitio\/concejo-municipal-rauco\/","article_publisher":"https:\/\/www.facebook.com\/munirauco","article_modified_time":"2025-03-25T23:37:49+00:00","og_image":[{"url":"https:\/\/www.munirauco.cl\/sitio\/wp-content\/uploads\/2025\/03\/transmision-consejo.png","type":"","width":"","height":""}],"twitter_card":"summary_large_image","twitter_misc":{"Tiempo estimado de lectura":"4 minutos"},"schema":{"@context":"https:\/\/schema.org","@graph":[{"@type":"WebPage","@id":"https:\/\/www.munirauco.cl\/sitio\/concejo-municipal-rauco\/","url":"https:\/\/www.munirauco.cl\/sitio\/concejo-municipal-rauco\/","name":"Concejo Municipal -","isPartOf":{"@id":"https:\/\/www.munirauco.cl\/sitio\/#website"},"primaryImageOfPage":{"@id":"https:\/\/www.munirauco.cl\/sitio\/concejo-municipal-rauco\/#primaryimage"},"image":{"@id":"https:\/\/www.munirauco.cl\/sitio\/concejo-municipal-rauco\/#primaryimage"},"thumbnailUrl":"https:\/\/www.munirauco.cl\/sitio\/wp-content\/uploads\/2025\/03\/transmision-consejo.png","datePublished":"2015-04-28T09:48:47+00:00","dateModified":"2025-03-25T23:37:49+00:00","description":"Consejo Municipal de la Comuna de Rauco","breadcrumb":{"@id":"https:\/\/www.munirauco.cl\/sitio\/concejo-municipal-rauco\/#breadcrumb"},"inLanguage":"es-CL","potentialAction":[{"@type":"ReadAction","target":["https:\/\/www.munirauco.cl\/sitio\/concejo-municipal-rauco\/"]}]},{"@type":"ImageObject","inLanguage":"es-CL","@id":"https:\/\/www.munirauco.cl\/sitio\/concejo-municipal-rauco\/#primaryimage","url":"https:\/\/www.munirauco.cl\/sitio\/wp-content\/uploads\/2025\/03\/transmision-consejo.png","contentUrl":"https:\/\/www.munirauco.cl\/sitio\/wp-content\/uploads\/2025\/03\/transmision-consejo.png","width":1517,"height":437},{"@type":"BreadcrumbList","@id":"https:\/\/www.munirauco.cl\/sitio\/concejo-municipal-rauco\/#breadcrumb","itemListElement":[{"@type":"ListItem","position":1,"name":"Portada","item":"https:\/\/www.munirauco.cl\/sitio\/"},{"@type":"ListItem","position":2,"name":"Concejo Municipal"}]},{"@type":"WebSite","@id":"https:\/\/www.munirauco.cl\/sitio\/#website","url":"https:\/\/www.munirauco.cl\/sitio\/","name":"Ilustre Municipalidad de Rauco","description":"P\u00e1gina dedicada a prestar informaci\u00f3n y ayuda a la comunidad de Rauco.","publisher":{"@id":"https:\/\/www.munirauco.cl\/sitio\/#organization"},"potentialAction":[{"@type":"SearchAction","target":{"@type":"EntryPoint","urlTemplate":"https:\/\/www.munirauco.cl\/sitio\/?s={search_term_string}"},"query-input":{"@type":"PropertyValueSpecification","valueRequired":true,"valueName":"search_term_string"}}],"inLanguage":"es-CL"},{"@type":"Organization","@id":"https:\/\/www.munirauco.cl\/sitio\/#organization","name":"Ilustre Municipalidad de Rauco","url":"https:\/\/www.munirauco.cl\/sitio\/","logo":{"@type":"ImageObject","inLanguage":"es-CL","@id":"https:\/\/www.munirauco.cl\/sitio\/#\/schema\/logo\/image\/","url":"https:\/\/www.munirauco.cl\/sitio\/wp-content\/uploads\/2021\/03\/logoRauco-t.png","contentUrl":"https:\/\/www.munirauco.cl\/sitio\/wp-content\/uploads\/2021\/03\/logoRauco-t.png","width":1920,"height":1080,"caption":"Ilustre Municipalidad de Rauco"},"image":{"@id":"https:\/\/www.munirauco.cl\/sitio\/#\/schema\/logo\/image\/"},"sameAs":["https:\/\/www.facebook.com\/munirauco","https:\/\/www.instagram.com\/raucoavanza\/"]}]}},"_links":{"self":[{"href":"https:\/\/www.munirauco.cl\/sitio\/wp-json\/wp\/v2\/pages\/3413","targetHints":{"allow":["GET"]}}],"collection":[{"href":"https:\/\/www.munirauco.cl\/sitio\/wp-json\/wp\/v2\/pages"}],"about":[{"href":"https:\/\/www.munirauco.cl\/sitio\/wp-json\/wp\/v2\/types\/page"}],"author":[{"embeddable":true,"href":"https:\/\/www.munirauco.cl\/sitio\/wp-json\/wp\/v2\/users\/1"}],"replies":[{"embeddable":true,"href":"https:\/\/www.munirauco.cl\/sitio\/wp-json\/wp\/v2\/comments?post=3413"}],"version-history":[{"count":111,"href":"https:\/\/www.munirauco.cl\/sitio\/wp-json\/wp\/v2\/pages\/3413\/revisions"}],"predecessor-version":[{"id":12615,"href":"https:\/\/www.munirauco.cl\/sitio\/wp-json\/wp\/v2\/pages\/3413\/revisions\/12615"}],"wp:attachment":[{"href":"https:\/\/www.munirauco.cl\/sitio\/wp-json\/wp\/v2\/media?parent=3413"}],"curies":[{"name":"wp","href":"https:\/\/api.w.org\/{rel}","templated":true}]}}